{"id":8417,"date":"2025-12-17T19:57:26","date_gmt":"2025-12-17T19:57:26","guid":{"rendered":"https:\/\/minaduveloso.com.br\/en\/?page_id=8417"},"modified":"2026-01-16T21:43:56","modified_gmt":"2026-01-16T21:43:56","slug":"trabalhos-academicos","status":"publish","type":"page","link":"https:\/\/minaduveloso.com.br\/en\/trabalhos-academicos\/","title":{"rendered":"Academic Publications"},"content":{"rendered":"\t\t<div data-elementor-type=\"wp-page\" data-elementor-id=\"8417\" class=\"elementor elementor-8417\" data-elementor-post-type=\"page\">\n\t\t\t\t<div class=\"elementor-element elementor-element-eaf630b e-flex e-con-boxed e-con e-parent\" data-id=\"eaf630b\" data-element_type=\"container\" data-e-type=\"container\" data-settings=\"{&quot;background_background&quot;:&quot;slideshow&quot;,&quot;shape_divider_bottom&quot;:&quot;wave-brush&quot;,&quot;background_slideshow_gallery&quot;:[{&quot;id&quot;:7994,&quot;url&quot;:&quot;https:\\\/\\\/minaduveloso.com.br\\\/en\\\/wp-content\\\/uploads\\\/2025\\\/11\\\/ouro_preto_splash_image-2.jpg&quot;},{&quot;id&quot;:8701,&quot;url&quot;:&quot;https:\\\/\\\/minaduveloso.com.br\\\/en\\\/wp-content\\\/uploads\\\/2025\\\/12\\\/litografia.png&quot;}],&quot;background_slideshow_ken_burns&quot;:&quot;yes&quot;,&quot;background_slideshow_loop&quot;:&quot;yes&quot;,&quot;background_slideshow_slide_duration&quot;:5000,&quot;background_slideshow_slide_transition&quot;:&quot;fade&quot;,&quot;background_slideshow_transition_duration&quot;:500,&quot;background_slideshow_ken_burns_zoom_direction&quot;:&quot;in&quot;}\">\n\t\t\t\t\t<div class=\"e-con-inner\">\n\t\t\t\t<div class=\"elementor-shape elementor-shape-bottom\" aria-hidden=\"true\" data-negative=\"false\">\n\t\t\t<svg xmlns=\"http:\/\/www.w3.org\/2000\/svg\" viewBox=\"0 0 283.5 27.8\" preserveAspectRatio=\"none\">\n\t<path class=\"elementor-shape-fill\" d=\"M283.5,9.7c0,0-7.3,4.3-14,4.6c-6.8,0.3-12.6,0-20.9-1.5c-11.3-2-33.1-10.1-44.7-5.7\ts-12.1,4.6-18,7.4c-6.6,3.2-20,9.6-36.6,9.3C131.6,23.5,99.5,7.2,86.3,8c-1.4,0.1-6.6,0.8-10.5,2c-3.8,1.2-9.4,3.8-17,4.7\tc-3.2,0.4-8.3,1.1-14.2,0.9c-1.5-0.1-6.3-0.4-12-1.6c-5.7-1.2-11-3.1-15.8-3.7C6.5,9.2,0,10.8,0,10.8V0h283.5V9.7z M260.8,11.3\tc-0.7-1-2-0.4-4.3-0.4c-2.3,0-6.1-1.2-5.8-1.1c0.3,0.1,3.1,1.5,6,1.9C259.7,12.2,261.4,12.3,260.8,11.3z M242.4,8.6\tc0,0-2.4-0.2-5.6-0.9c-3.2-0.8-10.3-2.8-15.1-3.5c-8.2-1.1-15.8,0-15.1,0.1c0.8,0.1,9.6-0.6,17.6,1.1c3.3,0.7,9.3,2.2,12.4,2.7\tC239.9,8.7,242.4,8.6,242.4,8.6z M185.2,8.5c1.7-0.7-13.3,4.7-18.5,6.1c-2.1,0.6-6.2,1.6-10,2c-3.9,0.4-8.9,0.4-8.8,0.5\tc0,0.2,5.8,0.8,11.2,0c5.4-0.8,5.2-1.1,7.6-1.6C170.5,14.7,183.5,9.2,185.2,8.5z M199.1,6.9c0.2,0-0.8-0.4-4.8,1.1\tc-4,1.5-6.7,3.5-6.9,3.7c-0.2,0.1,3.5-1.8,6.6-3C197,7.5,199,6.9,199.1,6.9z M283,6c-0.1,0.1-1.9,1.1-4.8,2.5s-6.9,2.8-6.7,2.7\tc0.2,0,3.5-0.6,7.4-2.5C282.8,6.8,283.1,5.9,283,6z M31.3,11.6c0.1-0.2-1.9-0.2-4.5-1.2s-5.4-1.6-7.8-2C15,7.6,7.3,8.5,7.7,8.6\tC8,8.7,15.9,8.3,20.2,9.3c2.2,0.5,2.4,0.5,5.7,1.6S31.2,11.9,31.3,11.6z M73,9.2c0.4-0.1,3.5-1.6,8.4-2.6c4.9-1.1,8.9-0.5,8.9-0.8\tc0-0.3-1-0.9-6.2-0.3S72.6,9.3,73,9.2z M71.6,6.7C71.8,6.8,75,5.4,77.3,5c2.3-0.3,1.9-0.5,1.9-0.6c0-0.1-1.1-0.2-2.7,0.2\tC74.8,5.1,71.4,6.6,71.6,6.7z M93.6,4.4c0.1,0.2,3.5,0.8,5.6,1.8c2.1,1,1.8,0.6,1.9,0.5c0.1-0.1-0.8-0.8-2.4-1.3\tC97.1,4.8,93.5,4.2,93.6,4.4z M65.4,11.1c-0.1,0.3,0.3,0.5,1.9-0.2s2.6-1.3,2.2-1.2s-0.9,0.4-2.5,0.8C65.3,10.9,65.5,10.8,65.4,11.1\tz M34.5,12.4c-0.2,0,2.1,0.8,3.3,0.9c1.2,0.1,2,0.1,2-0.2c0-0.3-0.1-0.5-1.6-0.4C36.6,12.8,34.7,12.4,34.5,12.4z M152.2,21.1\tc-0.1,0.1-2.4-0.3-7.5-0.3c-5,0-13.6-2.4-17.2-3.5c-3.6-1.1,10,3.9,16.5,4.1C150.5,21.6,152.3,21,152.2,21.1z\"\/>\n\t<path class=\"elementor-shape-fill\" d=\"M269.6,18c-0.1-0.1-4.6,0.3-7.2,0c-7.3-0.7-17-3.2-16.6-2.9c0.4,0.3,13.7,3.1,17,3.3\tC267.7,18.8,269.7,18,269.6,18z\"\/>\n\t<path class=\"elementor-shape-fill\" d=\"M227.4,9.8c-0.2-0.1-4.5-1-9.5-1.2c-5-0.2-12.7,0.6-12.3,0.5c0.3-0.1,5.9-1.8,13.3-1.2\tS227.6,9.9,227.4,9.8z\"\/>\n\t<path class=\"elementor-shape-fill\" d=\"M204.5,13.4c-0.1-0.1,2-1,3.2-1.1c1.2-0.1,2,0,2,0.3c0,0.3-0.1,0.5-1.6,0.4\tC206.4,12.9,204.6,13.5,204.5,13.4z\"\/>\n\t<path class=\"elementor-shape-fill\" d=\"M201,10.6c0-0.1-4.4,1.2-6.3,2.2c-1.9,0.9-6.2,3.1-6.1,3.1c0.1,0.1,4.2-1.6,6.3-2.6\tS201,10.7,201,10.6z\"\/>\n\t<path class=\"elementor-shape-fill\" d=\"M154.5,26.7c-0.1-0.1-4.6,0.3-7.2,0c-7.3-0.7-17-3.2-16.6-2.9c0.4,0.3,13.7,3.1,17,3.3\tC152.6,27.5,154.6,26.8,154.5,26.7z\"\/>\n\t<path class=\"elementor-shape-fill\" d=\"M41.9,19.3c0,0,1.2-0.3,2.9-0.1c1.7,0.2,5.8,0.9,8.2,0.7c4.2-0.4,7.4-2.7,7-2.6\tc-0.4,0-4.3,2.2-8.6,1.9c-1.8-0.1-5.1-0.5-6.7-0.4S41.9,19.3,41.9,19.3z\"\/>\n\t<path class=\"elementor-shape-fill\" d=\"M75.5,12.6c0.2,0.1,2-0.8,4.3-1.1c2.3-0.2,2.1-0.3,2.1-0.5c0-0.1-1.8-0.4-3.4,0\tC76.9,11.5,75.3,12.5,75.5,12.6z\"\/>\n\t<path class=\"elementor-shape-fill\" d=\"M15.6,13.2c0-0.1,4.3,0,6.7,0.5c2.4,0.5,5,1.9,5,2c0,0.1-2.7-0.8-5.1-1.4\tC19.9,13.7,15.7,13.3,15.6,13.2z\"\/>\n<\/svg>\t\t<\/div>\n\t\t<div class=\"elementor-element elementor-element-ea5e8fc e-con-full e-flex e-con e-child\" data-id=\"ea5e8fc\" data-element_type=\"container\" data-e-type=\"container\">\n\t\t\t\t<div class=\"elementor-element elementor-element-bb89a37 elementor-widget__width-initial elementor-invisible elementor-widget elementor-widget-heading\" data-id=\"bb89a37\" data-element_type=\"widget\" data-e-type=\"widget\" data-settings=\"{&quot;_animation&quot;:&quot;togo-fade-in-up&quot;}\" data-widget_type=\"heading.default\">\n\t\t\t\t\t<h2 class=\"elementor-heading-title elementor-size-default\">Documents<\/h2>\t\t\t\t<\/div>\n\t\t\t\t<div class=\"elementor-element elementor-element-6af49c7 elementor-widget__width-inherit elementor-invisible elementor-widget elementor-widget-heading\" data-id=\"6af49c7\" data-element_type=\"widget\" data-e-type=\"widget\" data-settings=\"{&quot;_animation&quot;:&quot;togo-fade-in-up&quot;}\" data-widget_type=\"heading.default\">\n\t\t\t\t\t<h2 class=\"elementor-heading-title elementor-size-default\">Academic Research and Articles\n<\/h2>\t\t\t\t<\/div>\n\t\t\t\t<\/div>\n\t\t<div class=\"elementor-element elementor-element-720c694 e-con-full e-flex e-con e-child\" data-id=\"720c694\" data-element_type=\"container\" data-e-type=\"container\">\n\t\t<div class=\"elementor-element elementor-element-5a65068 e-con-full e-flex e-con e-child\" data-id=\"5a65068\" data-element_type=\"container\" data-e-type=\"container\">\n\t\t\t\t<div class=\"elementor-element elementor-element-14aa627 elementor-widget__width-initial elementor-widget elementor-widget-text-editor\" data-id=\"14aa627\" data-element_type=\"widget\" data-e-type=\"widget\" data-widget_type=\"text-editor.default\">\n\t\t\t\t\t\t\t\t\t<p>Mina Du Veloso as a Case Study and Heritage Site of Ouro Preto, Minas Gerais.<\/p>\t\t\t\t\t\t\t\t<\/div>\n\t\t\t\t<\/div>\n\t\t\t\t<\/div>\n\t\t\t\t\t<\/div>\n\t\t\t\t<\/div>\n\t\t<div class=\"elementor-element elementor-element-7b01868 e-flex e-con-boxed e-con e-parent\" data-id=\"7b01868\" data-element_type=\"container\" data-e-type=\"container\">\n\t\t\t\t\t<div class=\"e-con-inner\">\n\t\t<div class=\"elementor-element elementor-element-a15c1fb e-con-full e-flex e-con e-child\" data-id=\"a15c1fb\" data-element_type=\"container\" data-e-type=\"container\">\n\t\t\t\t<div class=\"elementor-element elementor-element-1931037 elementor-widget-divider--view-line elementor-widget elementor-widget-divider\" data-id=\"1931037\" data-element_type=\"widget\" data-e-type=\"widget\" data-widget_type=\"divider.default\">\n\t\t\t\t\t\t\t<div class=\"elementor-divider\">\n\t\t\t<span class=\"elementor-divider-separator\">\n\t\t\t\t\t\t<\/span>\n\t\t<\/div>\n\t\t\t\t\t\t<\/div>\n\t\t\t\t<\/div>\n\t\t\t\t<div class=\"elementor-element elementor-element-b0f25da elementor-widget elementor-widget-heading\" data-id=\"b0f25da\" data-element_type=\"widget\" data-e-type=\"widget\" data-widget_type=\"heading.default\">\n\t\t\t\t\t<h3 class=\"elementor-heading-title elementor-size-default\"><h4>Research Papers and Articles in English:<\/h4><\/h3>\t\t\t\t<\/div>\n\t\t\t\t<div class=\"elementor-element elementor-element-076e47b elementor-widget elementor-widget-togo-icon-list\" data-id=\"076e47b\" data-element_type=\"widget\" data-e-type=\"widget\" data-widget_type=\"togo-icon-list.default\">\n\t\t\t\t<div class=\"elementor-widget-container\">\n\t\t\t\t\t        <div class=\"togo-icon-list togo-icon-list-vertical\">\n                            <div class=\"togo-icon-list-item\">\n                                            <a href=\"https:\/\/minaduveloso.com.br\/en\/wp-content\/uploads\/2025\/12\/Minas-Gerais-as-a-Powerhouse-for-Afrotourism.pdf\" class=\"togo-icon-list-item-link\">\n                                                                            <span class=\"togo-icon-list-item-icon\">\n                                <span class=\"togo-svg-icon \"><\/span>                            <\/span>\n                                                <span class=\"togo-icon-list-item-title\">\n                            Minas Gerais as a Powerhouse for Afrotourism - Eduardo Evangelista Ferreira                        <\/span>\n                                                <\/a>\n                                    <\/div>\n                            <div class=\"togo-icon-list-item\">\n                                            <a href=\"https:\/\/minaduveloso.com.br\/en\/wp-content\/uploads\/2025\/12\/Governing-mined-landscapes-through-memory-Afro-centred-approaches.pdf\" class=\"togo-icon-list-item-link\">\n                                                                            <span class=\"togo-icon-list-item-icon\">\n                                <span class=\"togo-svg-icon \"><\/span>                            <\/span>\n                                                <span class=\"togo-icon-list-item-title\">\n                            Governing mined landscapes through memory Afro-centred approaches                        <\/span>\n                                                <\/a>\n                                    <\/div>\n                            <div class=\"togo-icon-list-item\">\n                                            <a href=\"https:\/\/minaduveloso.com.br\/en\/wp-content\/uploads\/2025\/12\/s00710-023-00848-9.pdf\" class=\"togo-icon-list-item-link\">\n                                                                            <span class=\"togo-icon-list-item-icon\">\n                                <span class=\"togo-svg-icon \"><\/span>                            <\/span>\n                                                <span class=\"togo-icon-list-item-title\">\n                            The auriferous quartz lode of the Veloso deposit, Quadril\u00e1tero Ferr\u00edfero of Minas Gerais, Brazil - Julia S. Pimenta                        <\/span>\n                                                <\/a>\n                                    <\/div>\n                            <div class=\"togo-icon-list-item\">\n                                            <a href=\"https:\/\/minaduveloso.com.br\/en\/wp-content\/uploads\/2025\/12\/s11858-025-01691-2.pdf\" class=\"togo-icon-list-item-link\">\n                                                                            <span class=\"togo-icon-list-item-icon\">\n                                <span class=\"togo-svg-icon \"><\/span>                            <\/span>\n                                                <span class=\"togo-icon-list-item-title\">\n                            The ZIGZAG: Contributions of African Mathematical Knowledge on Gold Mines to Develop a Pedagogical Action for Ethnomodelling Through the Elaboration of Ethnomodels                        <\/span>\n                                                <\/a>\n                                    <\/div>\n                    <\/div>\n\t\t\t\t<\/div>\n\t\t\t\t<\/div>\n\t\t\t\t\t<\/div>\n\t\t\t\t<\/div>\n\t\t<div class=\"elementor-element elementor-element-a14c780 e-flex e-con-boxed e-con e-parent\" data-id=\"a14c780\" data-element_type=\"container\" data-e-type=\"container\">\n\t\t\t\t\t<div class=\"e-con-inner\">\n\t\t\t\t<div class=\"elementor-element elementor-element-f551014 elementor-widget elementor-widget-heading\" data-id=\"f551014\" data-element_type=\"widget\" data-e-type=\"widget\" data-widget_type=\"heading.default\">\n\t\t\t\t\t<h3 class=\"elementor-heading-title elementor-size-default\"><h4>Research Papers and Articles in Portuguese:<\/h4><\/h3>\t\t\t\t<\/div>\n\t\t\t\t<div class=\"elementor-element elementor-element-ea2cce1 elementor-widget elementor-widget-spacer\" data-id=\"ea2cce1\" data-element_type=\"widget\" data-e-type=\"widget\" data-widget_type=\"spacer.default\">\n\t\t\t\t\t\t\t<div class=\"elementor-spacer\">\n\t\t\t<div class=\"elementor-spacer-inner\"><\/div>\n\t\t<\/div>\n\t\t\t\t\t\t<\/div>\n\t\t\t\t<div class=\"elementor-element elementor-element-f83cd3a elementor-widget elementor-widget-togo-icon-list\" data-id=\"f83cd3a\" data-element_type=\"widget\" data-e-type=\"widget\" data-widget_type=\"togo-icon-list.default\">\n\t\t\t\t<div class=\"elementor-widget-container\">\n\t\t\t\t\t        <div class=\"togo-icon-list togo-icon-list-vertical\">\n                            <div class=\"togo-icon-list-item\">\n                                            <a href=\"https:\/\/minaduveloso.com.br\/en\/wp-content\/uploads\/2025\/12\/Anais-III-Sintup-2025-1.pdf\" class=\"togo-icon-list-item-link\">\n                                                                            <span class=\"togo-icon-list-item-icon\">\n                                <span class=\"togo-svg-icon \"><\/span>                            <\/span>\n                                                <span class=\"togo-icon-list-item-title\">\n                            III Semin\u00e1rio Internacional de Turismo e Patrim\u00f4nio                        <\/span>\n                                                <\/a>\n                                    <\/div>\n                            <div class=\"togo-icon-list-item\">\n                                            <a href=\"https:\/\/minaduveloso.com.br\/en\/wp-content\/uploads\/2025\/12\/Curral-de-Pedras-Notas-sobre-abandono-e-omissao.pdf\" class=\"togo-icon-list-item-link\">\n                                                                            <span class=\"togo-icon-list-item-icon\">\n                                <span class=\"togo-svg-icon \"><\/span>                            <\/span>\n                                                <span class=\"togo-icon-list-item-title\">\n                            Curral de Pedras - Notas sobre abandono e omiss\u00e3o - P\u00fablio Athayde                        <\/span>\n                                                <\/a>\n                                    <\/div>\n                            <div class=\"togo-icon-list-item\">\n                                            <a href=\"https:\/\/minaduveloso.com.br\/en\/wp-content\/uploads\/2025\/12\/DISSERTACAO-VIANA-Luiz-Claudio-Alves-2021-PPG-ACPS-UFMG.pdf\" class=\"togo-icon-list-item-link\">\n                                                                            <span class=\"togo-icon-list-item-icon\">\n                                <span class=\"togo-svg-icon \"><\/span>                            <\/span>\n                                                <span class=\"togo-icon-list-item-title\">\n                            O Turismo \u00c9tnico Afro na Mina Du Veloso: um estudo do equipamento interpretativo do patrim\u00f4nio de Ouro Preto \/MG                        <\/span>\n                                                <\/a>\n                                    <\/div>\n                            <div class=\"togo-icon-list-item\">\n                                            <a href=\"https:\/\/minaduveloso.com.br\/en\/wp-content\/uploads\/2025\/12\/DISSERTACAO_CaracterizacaoFilaoAurifero.pdf\" class=\"togo-icon-list-item-link\">\n                                                                            <span class=\"togo-icon-list-item-icon\">\n                                <span class=\"togo-svg-icon \"><\/span>                            <\/span>\n                                                <span class=\"togo-icon-list-item-title\">\n                            Caracteriza\u00e7\u00e3o de Fil\u00e3o Aur\u00edfero Hospedado em Itabirito - J\u00falia de Souza Pimenta                        <\/span>\n                                                <\/a>\n                                    <\/div>\n                            <div class=\"togo-icon-list-item\">\n                                            <a href=\"https:\/\/minaduveloso.com.br\/en\/wp-content\/uploads\/2025\/12\/DISSERTACAO_MinasAuriferasOuro.pdf\" class=\"togo-icon-list-item-link\">\n                                                                            <span class=\"togo-icon-list-item-icon\">\n                                <span class=\"togo-svg-icon \"><\/span>                            <\/span>\n                                                <span class=\"togo-icon-list-item-title\">\n                            Minas Aur\u00edferas em Outo Preto e a Educa\u00e7\u00e3o das Rela\u00e7\u00f5es \u00c9tnicos-Raciais - Caroline T. A. do Nascimento                        <\/span>\n                                                <\/a>\n                                    <\/div>\n                            <div class=\"togo-icon-list-item\">\n                                            <a href=\"https:\/\/minaduveloso.com.br\/en\/wp-content\/uploads\/2025\/12\/DISSERTACAO_PatrimonioMineiroSerra-3.pdf\" class=\"togo-icon-list-item-link\">\n                                                                            <span class=\"togo-icon-list-item-icon\">\n                                <span class=\"togo-svg-icon \"><\/span>                            <\/span>\n                                                <span class=\"togo-icon-list-item-title\">\n                            Patrim\u00f4nio mineiro na Serra do Veloso em Ouro Preto-MG: registro, an\u00e1lise e proposi\u00e7\u00e3o de circuitos geotur\u00edsticos interpretativos - Eduardo Evangelista                        <\/span>\n                                                <\/a>\n                                    <\/div>\n                            <div class=\"togo-icon-list-item\">\n                                            <a href=\"https:\/\/minaduveloso.com.br\/en\/wp-content\/uploads\/2025\/12\/DISSERTACAO_RobosMoveisMineracao.pdf\" class=\"togo-icon-list-item-link\">\n                                                                            <span class=\"togo-icon-list-item-icon\">\n                                <span class=\"togo-svg-icon \"><\/span>                            <\/span>\n                                                <span class=\"togo-icon-list-item-title\">\n                            Rob\u00f3tica M\u00f3vel na Minera\u00e7\u00e3o - Levi Welington de Resende Filho                        <\/span>\n                                                <\/a>\n                                    <\/div>\n                            <div class=\"togo-icon-list-item\">\n                                            <a href=\"https:\/\/minaduveloso.com.br\/en\/wp-content\/uploads\/2025\/12\/Imagens-de-ouro-Preto-MG-ColImg1_OuroPreto_m.pdf\" class=\"togo-icon-list-item-link\">\n                                                                            <span class=\"togo-icon-list-item-icon\">\n                                <span class=\"togo-svg-icon \"><\/span>                            <\/span>\n                                                <span class=\"togo-icon-list-item-title\">\n                            Ouro Preto - Minas Gerais - IMAGENS - MONUMENTA | IPHAN                        <\/span>\n                                                <\/a>\n                                    <\/div>\n                            <div class=\"togo-icon-list-item\">\n                                            <a href=\"https:\/\/minaduveloso.com.br\/en\/wp-content\/uploads\/2025\/12\/Inteligencia-african-an-amineracao-setecentista-artigo-Luiz.pdf\" class=\"togo-icon-list-item-link\">\n                                                                            <span class=\"togo-icon-list-item-icon\">\n                                <span class=\"togo-svg-icon \"><\/span>                            <\/span>\n                                                <span class=\"togo-icon-list-item-title\">\n                            Intelig\u00eancia africana presente nas estruturas remanescentes da minera\u00e7\u00e3o setecentista de Ouro Preto (MG)                        <\/span>\n                                                <\/a>\n                                    <\/div>\n                            <div class=\"togo-icon-list-item\">\n                                            <a href=\"https:\/\/minaduveloso.com.br\/en\/wp-content\/uploads\/2025\/12\/maykon-dissertacao-completa.pdf\" class=\"togo-icon-list-item-link\">\n                                                                            <span class=\"togo-icon-list-item-icon\">\n                                <span class=\"togo-svg-icon \"><\/span>                            <\/span>\n                                                <span class=\"togo-icon-list-item-title\">\n                            Cruzando o Atl\u00e2ntico : a constru\u00e7\u00e3o da identidade Mina  entre forras e escravas no pequeno com\u00e9rcio de Vila Rica - Maykon Rodrigues dos Santos                         <\/span>\n                                                <\/a>\n                                    <\/div>\n                            <div class=\"togo-icon-list-item\">\n                                            <a href=\"https:\/\/minaduveloso.com.br\/en\/wp-content\/uploads\/2025\/12\/Mirante-do-Paque-Nichollas.pdf\" class=\"togo-icon-list-item-link\">\n                                                                            <span class=\"togo-icon-list-item-icon\">\n                                <span class=\"togo-svg-icon \"><\/span>                            <\/span>\n                                                <span class=\"togo-icon-list-item-title\">\n                            Mirante do Paque Nichollas                        <\/span>\n                                                <\/a>\n                                    <\/div>\n                            <div class=\"togo-icon-list-item\">\n                                            <a href=\"https:\/\/minaduveloso.com.br\/en\/wp-content\/uploads\/2025\/12\/Monografia-Arquitetura_Estruturas-remanescentes-da-mineracao-no-bairro-Sao-Cristovao.pdf\" class=\"togo-icon-list-item-link\">\n                                                                            <span class=\"togo-icon-list-item-icon\">\n                                <span class=\"togo-svg-icon \"><\/span>                            <\/span>\n                                                <span class=\"togo-icon-list-item-title\">\n                            Estruturas remanescentes da minera\u00e7\u00e3o Registro dos mund\u00e9us do bairro S\u00e3o Crist\u00f3v\u00e3o - Laura Oliveira Teixeira                         <\/span>\n                                                <\/a>\n                                    <\/div>\n                            <div class=\"togo-icon-list-item\">\n                                            <a href=\"https:\/\/minaduveloso.com.br\/en\/wp-content\/uploads\/2025\/12\/Monografia-Arquitetura_Morar-na-cidade-do-ouro.pdf\" class=\"togo-icon-list-item-link\">\n                                                                            <span class=\"togo-icon-list-item-icon\">\n                                <span class=\"togo-svg-icon \"><\/span>                            <\/span>\n                                                <span class=\"togo-icon-list-item-title\">\n                            Morar na Cidade Do Ouro: Os desafios de ocupar encostas mineradas - Maria Ribeiro Calil                        <\/span>\n                                                <\/a>\n                                    <\/div>\n                            <div class=\"togo-icon-list-item\">\n                                            <a href=\"https:\/\/minaduveloso.com.br\/en\/wp-content\/uploads\/2025\/12\/Monografia-Geologia_Estudo-Geomecanico-da-Mina-Du-Veloso.pdf\" class=\"togo-icon-list-item-link\">\n                                                                            <span class=\"togo-icon-list-item-icon\">\n                                <span class=\"togo-svg-icon \"><\/span>                            <\/span>\n                                                <span class=\"togo-icon-list-item-title\">\n                            Estudo Geomec\u00e2nico da Antiga Mina Subterr\u00e2nea de Ouro, Mina Du Veloso em Ouro Preto - MG - Rafael Magnabosco                        <\/span>\n                                                <\/a>\n                                    <\/div>\n                            <div class=\"togo-icon-list-item\">\n                                            <a href=\"https:\/\/minaduveloso.com.br\/en\/wp-content\/uploads\/2025\/12\/MONOGRAFIA_CanteiroDesenhoMina.pdf\" class=\"togo-icon-list-item-link\">\n                                                                            <span class=\"togo-icon-list-item-icon\">\n                                <span class=\"togo-svg-icon \"><\/span>                            <\/span>\n                                                <span class=\"togo-icon-list-item-title\">\n                            O Canteiro, Desenho e a Mina Du Veloso - Matheus Cyrineo Pereira                        <\/span>\n                                                <\/a>\n                                    <\/div>\n                            <div class=\"togo-icon-list-item\">\n                                            <a href=\"https:\/\/minaduveloso.com.br\/en\/wp-content\/uploads\/2025\/12\/MONOGRAFIA_PopulacaoNegraEspacos.pdf\" class=\"togo-icon-list-item-link\">\n                                                                            <span class=\"togo-icon-list-item-icon\">\n                                <span class=\"togo-svg-icon \"><\/span>                            <\/span>\n                                                <span class=\"togo-icon-list-item-title\">\n                            A Popula\u00e7\u00e3o Negra e os Espa\u00e7os de Lazer em Ouro Preto - Rayara Ferreira Ribas                        <\/span>\n                                                <\/a>\n                                    <\/div>\n                            <div class=\"togo-icon-list-item\">\n                                            <a href=\"https:\/\/minaduveloso.com.br\/en\/wp-content\/uploads\/2025\/12\/O-Turismo-Etnico-na-Mina-Du-Veloso-Ouro-Preto.pdf\" class=\"togo-icon-list-item-link\">\n                                                                            <span class=\"togo-icon-list-item-icon\">\n                                <span class=\"togo-svg-icon \"><\/span>                            <\/span>\n                                                <span class=\"togo-icon-list-item-title\">\n                            O Turismo Etnico na Mina Du Veloso - Ouro Preto                        <\/span>\n                                                <\/a>\n                                    <\/div>\n                            <div class=\"togo-icon-list-item\">\n                                            <a href=\"https:\/\/minaduveloso.com.br\/en\/wp-content\/uploads\/2025\/12\/PEDRACAL_FABIANO.pdf\" class=\"togo-icon-list-item-link\">\n                                                                            <span class=\"togo-icon-list-item-icon\">\n                                <span class=\"togo-svg-icon \"><\/span>                            <\/span>\n                                                <span class=\"togo-icon-list-item-title\">\n                            Pedra E Cal: Os Construtores de Vila Rica no S\u00e9culo XCIII (1730-1800) - Fabiano Gomes da Silva                        <\/span>\n                                                <\/a>\n                                    <\/div>\n                            <div class=\"togo-icon-list-item\">\n                                            <a href=\"https:\/\/minaduveloso.com.br\/en\/wp-content\/uploads\/2025\/12\/Proposta-criacao-monumento-Natural-Jardim-Botanico.pdf\" class=\"togo-icon-list-item-link\">\n                                                                            <span class=\"togo-icon-list-item-icon\">\n                                <span class=\"togo-svg-icon \"><\/span>                            <\/span>\n                                                <span class=\"togo-icon-list-item-title\">\n                            Proposta cria\u00e7\u00e3o monumento Natural Jardim Bot\u00e2nico                        <\/span>\n                                                <\/a>\n                                    <\/div>\n                            <div class=\"togo-icon-list-item\">\n                                            <a href=\"https:\/\/minaduveloso.com.br\/en\/wp-content\/uploads\/2025\/12\/Reservatorio-III-Levantamento-arquitetonico-e-analise-do-conjunto-no-bairro-Sao-Cristovao-em-Ouro-Preto-MG.pdf\" class=\"togo-icon-list-item-link\">\n                                                                            <span class=\"togo-icon-list-item-icon\">\n                                <span class=\"togo-svg-icon \"><\/span>                            <\/span>\n                                                <span class=\"togo-icon-list-item-title\">\n                            Reservat\u00f3rio III Levantamento arquitet\u00f4nico e an\u00e1lise do conjunto no bairro S\u00e3o Crist\u00f3v\u00e3o em Ouro Preto, MG - Camila Ferreira Diniz                        <\/span>\n                                                <\/a>\n                                    <\/div>\n                            <div class=\"togo-icon-list-item\">\n                                            <a href=\"https:\/\/minaduveloso.com.br\/en\/wp-content\/uploads\/2025\/12\/Salvaguarda_do_Patrimonio-Ouro-Preto.pdf\" class=\"togo-icon-list-item-link\">\n                                                                            <span class=\"togo-icon-list-item-icon\">\n                                <span class=\"togo-svg-icon \"><\/span>                            <\/span>\n                                                <span class=\"togo-icon-list-item-title\">\n                            Salvaguarda do Patrim\u00f4nio - Ouro Preto Minas Gerais - MONUMENTA | IPHAN                        <\/span>\n                                                <\/a>\n                                    <\/div>\n                            <div class=\"togo-icon-list-item\">\n                                            <a href=\"https:\/\/minaduveloso.com.br\/en\/wp-content\/uploads\/2025\/12\/Salvemos-Ouro-Preto-campanha-1949.pdf\" class=\"togo-icon-list-item-link\">\n                                                                            <span class=\"togo-icon-list-item-icon\">\n                                <span class=\"togo-svg-icon \"><\/span>                            <\/span>\n                                                <span class=\"togo-icon-list-item-title\">\n                            Salvemos Ouro Preto campanha 1949                        <\/span>\n                                                <\/a>\n                                    <\/div>\n                    <\/div>\n\t\t\t\t<\/div>\n\t\t\t\t<\/div>\n\t\t\t\t\t<\/div>\n\t\t\t\t<\/div>\n\t\t\t\t<\/div>\n\t\t","protected":false},"excerpt":{"rendered":"<p>Documents Academic Research and Articles Mina Du Veloso as a Case Study and Heritage Site of Ouro Preto, Minas Gerais. Research Papers and Articles in English: Minas Gerais as a Powerhouse for Afrotourism &#8211; Eduardo Evangelista Ferreira Governing mined landscapes through memory Afro-centred approaches The auriferous quartz lode of the Veloso deposit, Quadril\u00e1tero Ferr\u00edfero of [&hellip;]<\/p>\n","protected":false},"author":1,"featured_media":0,"parent":0,"menu_order":0,"comment_status":"closed","ping_status":"closed","template":"elementor_header_footer","meta":{"_monsterinsights_skip_tracking":false,"footnotes":""},"class_list":["post-8417","page","type-page","status-publish","hentry"],"jetpack_sharing_enabled":true,"_links":{"self":[{"href":"https:\/\/minaduveloso.com.br\/en\/wp-json\/wp\/v2\/pages\/8417","targetHints":{"allow":["GET"]}}],"collection":[{"href":"https:\/\/minaduveloso.com.br\/en\/wp-json\/wp\/v2\/pages"}],"about":[{"href":"https:\/\/minaduveloso.com.br\/en\/wp-json\/wp\/v2\/types\/page"}],"author":[{"embeddable":true,"href":"https:\/\/minaduveloso.com.br\/en\/wp-json\/wp\/v2\/users\/1"}],"replies":[{"embeddable":true,"href":"https:\/\/minaduveloso.com.br\/en\/wp-json\/wp\/v2\/comments?post=8417"}],"version-history":[{"count":0,"href":"https:\/\/minaduveloso.com.br\/en\/wp-json\/wp\/v2\/pages\/8417\/revisions"}],"wp:attachment":[{"href":"https:\/\/minaduveloso.com.br\/en\/wp-json\/wp\/v2\/media?parent=8417"}],"curies":[{"name":"wp","href":"https:\/\/api.w.org\/{rel}","templated":true}]}}